{"id":8133,"date":"2023-03-08T14:47:23","date_gmt":"2023-03-08T12:47:23","guid":{"rendered":"https:\/\/beltranmenjars.cat\/botiga\/"},"modified":"2023-03-16T17:53:47","modified_gmt":"2023-03-16T15:53:47","slug":"tienda","status":"publish","type":"page","link":"https:\/\/beltranmenjars.cat\/es\/tienda\/","title":{"rendered":"Tienda"},"content":{"rendered":"\n<style type=\"text\/css\" data-created_by=\"avia_inline_auto\" id=\"style-css-av-lezoctfq-4459e28b6eebf245935501c649c48387\">\n.avia-section.av-lezoctfq-4459e28b6eebf245935501c649c48387 .av-parallax .av-parallax-inner{\nbackground-repeat:no-repeat;\nbackground-image:url(https:\/\/beltranmenjars.cat\/wp-content\/uploads\/2023\/03\/Amanida-de-favetes-Beltran-Menjars-GB-1200x900-2.jpg);\nbackground-position:50% 50%;\nbackground-attachment:scroll;\n}\n.avia-section.av-lezoctfq-4459e28b6eebf245935501c649c48387 .av-section-color-overlay{\nopacity:0.1;\nbackground-color:#000000;\n}\n<\/style>\n<div id='av_section_1'  class='avia-section av-lezoctfq-4459e28b6eebf245935501c649c48387 main_color avia-section-default avia-no-shadow  avia-builder-el-0  el_before_av_one_half  avia-builder-el-first  av-parallax-section avia-bg-style-parallax av-section-color-overlay-active av-minimum-height av-minimum-height-50 av-height-50  container_wrap sidebar_right'  data-section-bg-repeat='no-repeat' data-av_minimum_height_pc='50' data-av_min_height_opt='50'><div class='av-parallax' data-avia-parallax-ratio='0.3' ><div class='av-parallax-inner main_color avia-full-stretch'><\/div><\/div><div class=\"av-section-color-overlay-wrap\"><div class=\"av-section-color-overlay\"><\/div><div class='container av-section-cont-open' ><main  role=\"main\" itemprop=\"mainContentOfPage\"  class='template-page content  av-content-small alpha units'><div class='post-entry post-entry-type-page post-entry-8133'><div class='entry-content-wrapper clearfix'>\n\n<style type=\"text\/css\" data-created_by=\"avia_inline_auto\" id=\"style-css-av-lezo9ma7-e483edc52fb296c09f2bb1f2bd2ea8ed\">\n#top .av-special-heading.av-lezo9ma7-e483edc52fb296c09f2bb1f2bd2ea8ed{\npadding-bottom:10px;\ncolor:#ffffff;\nfont-size:50px;\n}\nbody .av-special-heading.av-lezo9ma7-e483edc52fb296c09f2bb1f2bd2ea8ed .av-special-heading-tag .heading-char{\nfont-size:25px;\n}\n#top #wrap_all .av-special-heading.av-lezo9ma7-e483edc52fb296c09f2bb1f2bd2ea8ed .av-special-heading-tag{\nfont-size:50px;\n}\n.av-special-heading.av-lezo9ma7-e483edc52fb296c09f2bb1f2bd2ea8ed .special-heading-inner-border{\nborder-color:#ffffff;\n}\n.av-special-heading.av-lezo9ma7-e483edc52fb296c09f2bb1f2bd2ea8ed .av-subheading{\nfont-size:15px;\n}\n\n@media only screen and (min-width: 480px) and (max-width: 767px){ \n#top #wrap_all .av-special-heading.av-lezo9ma7-e483edc52fb296c09f2bb1f2bd2ea8ed .av-special-heading-tag{\nfont-size:0.8em;\n}\n}\n\n@media only screen and (max-width: 479px){ \n#top #wrap_all .av-special-heading.av-lezo9ma7-e483edc52fb296c09f2bb1f2bd2ea8ed .av-special-heading-tag{\nfont-size:0.8em;\n}\n}\n<\/style>\n<div  class='av-special-heading av-lezo9ma7-e483edc52fb296c09f2bb1f2bd2ea8ed av-special-heading-h1 custom-color-heading blockquote modern-quote modern-centered  avia-builder-el-1  avia-builder-el-no-sibling  av-inherit-size'><h1 class='av-special-heading-tag'  itemprop=\"headline\"  >Tienda<\/h1><div class=\"special-heading-border\"><div class=\"special-heading-inner-border\"><\/div><\/div><\/div>\n<\/div><\/div><\/main><!-- close content main element --><\/div><\/div><\/div><div id='after_section_1'  class='main_color av_default_container_wrap container_wrap sidebar_right'  ><div class='container av-section-cont-open' ><div class='template-page content  av-content-small alpha units'><div class='post-entry post-entry-type-page post-entry-8133'><div class='entry-content-wrapper clearfix'>\n\n<style type=\"text\/css\" data-created_by=\"avia_inline_auto\" id=\"style-css-av-kbw3yj-13aefaceb2802de96914701a2ffd4214\">\n.flex_column.av-kbw3yj-13aefaceb2802de96914701a2ffd4214{\n-webkit-border-radius:0px 0px 0px 0px;\n-moz-border-radius:0px 0px 0px 0px;\nborder-radius:0px 0px 0px 0px;\npadding:0px 0px 0px 0px;\n}\n<\/style>\n<div  class='flex_column av-kbw3yj-13aefaceb2802de96914701a2ffd4214 av_one_half  avia-builder-el-2  el_after_av_section  el_before_av_one_half  avia-builder-el-first  first flex_column_div av-zero-column-padding  '     ><p>\n<style type=\"text\/css\" data-created_by=\"avia_inline_auto\" id=\"style-css-av-ikmdi3-2a8a8894aa080e9c46e9e2600e32e83d\">\n#top .hr.hr-invisible.av-ikmdi3-2a8a8894aa080e9c46e9e2600e32e83d{\nheight:30px;\n}\n<\/style>\n<div  class='hr av-ikmdi3-2a8a8894aa080e9c46e9e2600e32e83d hr-invisible  avia-builder-el-3  el_before_av_textblock  avia-builder-el-first '><span class='hr-inner '><span class=\"hr-inner-style\"><\/span><\/span><\/div><br \/>\n<section  class='av_textblock_section av-lezodkht-70a12179623260cdd418730db07f23d0 '   itemscope=\"itemscope\" itemtype=\"https:\/\/schema.org\/CreativeWork\" ><div class='avia_textblock'  itemprop=\"text\" ><p class=\"p1\">En la calle Consell de Cent, 101 de Barcelona, \u200b\u200bun lunes 12 de abril de 1954, Beltran abre sus puertas. Al frente Tom\u00e1s Beltran y Ernestina Sabat\u00e9. Lo que comienza como un peque\u00f1o comercio de venta de legumbres y pesca salada se transforma y crece con el paso del tiempo.<\/p>\n<p class=\"p1\">Las almas de esta transformaci\u00f3n fueron Enric Beltran en el mostrador y \u00c0ngels Aguilar en la cocina, que dejaron atr\u00e1s la venta de v\u00edveres introduciendo poco a poco platos cocinados hasta la cocina casera que ahora conocemos, siempre adapt\u00e1ndose a cada momento de la \u00e9poca, y en las necesidades y gustos de nuestros clientes.<\/p>\n<p class=\"p1\">Cada semana les ofrecemos una variedad de platos de cocina casera, siguiendo la tradici\u00f3n y estacionalidad. Nos esforzamos por trabajar con productores de proximidad para llevar a sus mesas los mejores productos posibles.<\/p>\n<\/div><\/section><\/p><\/div>\n<style type=\"text\/css\" data-created_by=\"avia_inline_auto\" id=\"style-css-av-hz8wvv-56ee408b75b373979db01f670a387b3f\">\n.flex_column.av-hz8wvv-56ee408b75b373979db01f670a387b3f{\n-webkit-border-radius:0px 0px 0px 0px;\n-moz-border-radius:0px 0px 0px 0px;\nborder-radius:0px 0px 0px 0px;\npadding:0px 0px 0px 0px;\n}\n<\/style>\n<div  class='flex_column av-hz8wvv-56ee408b75b373979db01f670a387b3f av_one_half  avia-builder-el-5  el_after_av_one_half  el_before_av_section  avia-builder-el-last  flex_column_div av-zero-column-padding  '     ><style type=\"text\/css\" data-created_by=\"avia_inline_auto\" id=\"style-css-av-lezof4n3-fe9c084851e1699033d1fed73ac3a7cf\">\n.avia-image-container.av-lezof4n3-fe9c084851e1699033d1fed73ac3a7cf img.avia_image{\nbox-shadow:none;\n}\n.avia-image-container.av-lezof4n3-fe9c084851e1699033d1fed73ac3a7cf .av-image-caption-overlay-center{\ncolor:#ffffff;\n}\n<\/style>\n<div  class='avia-image-container av-lezof4n3-fe9c084851e1699033d1fed73ac3a7cf av-styling- avia-align-center  avia-builder-el-6  avia-builder-el-no-sibling '   itemprop=\"image\" itemscope=\"itemscope\" itemtype=\"https:\/\/schema.org\/ImageObject\" ><div class=\"avia-image-container-inner\"><div class=\"avia-image-overlay-wrap\"><img decoding=\"async\" class='wp-image-7428 avia-img-lazy-loading-not-7428 avia_image ' src=\"https:\/\/beltranmenjars.cat\/wp-content\/uploads\/2023\/03\/Milfulls-de-patata-per-emportar-barcelona.jpg\" alt='' title='Milfulls de patata per emportar barcelona'  height=\"900\" width=\"1200\"  itemprop=\"thumbnailUrl\" srcset=\"https:\/\/beltranmenjars.cat\/wp-content\/uploads\/2023\/03\/Milfulls-de-patata-per-emportar-barcelona.jpg 1200w, https:\/\/beltranmenjars.cat\/wp-content\/uploads\/2023\/03\/Milfulls-de-patata-per-emportar-barcelona-300x225.jpg 300w, https:\/\/beltranmenjars.cat\/wp-content\/uploads\/2023\/03\/Milfulls-de-patata-per-emportar-barcelona-1030x773.jpg 1030w, https:\/\/beltranmenjars.cat\/wp-content\/uploads\/2023\/03\/Milfulls-de-patata-per-emportar-barcelona-768x576.jpg 768w, https:\/\/beltranmenjars.cat\/wp-content\/uploads\/2023\/03\/Milfulls-de-patata-per-emportar-barcelona-705x529.jpg 705w, https:\/\/beltranmenjars.cat\/wp-content\/uploads\/2023\/03\/Milfulls-de-patata-per-emportar-barcelona-450x338.jpg 450w\" sizes=\"(max-width: 1200px) 100vw, 1200px\" \/><\/div><\/div><\/div><\/div><\/p>\n<\/div><\/div><\/div><!-- close content main div --><\/div><\/div>\n<style type=\"text\/css\" data-created_by=\"avia_inline_auto\" id=\"style-css-av-fmen6j-a010acb5e491a304d0804e1632ea461f\">\n.avia-section.av-fmen6j-a010acb5e491a304d0804e1632ea461f{\nbackground-color:#f2ede3;\nbackground-image:unset;\n}\n<\/style>\n<div id='av_section_2'  class='avia-section av-fmen6j-a010acb5e491a304d0804e1632ea461f main_color avia-section-default avia-no-shadow  avia-builder-el-7  el_after_av_one_half  el_before_av_one_half  avia-bg-style-scroll container_wrap sidebar_right'  ><div class='container av-section-cont-open' ><div class='template-page content  av-content-small alpha units'><div class='post-entry post-entry-type-page post-entry-8133'><div class='entry-content-wrapper clearfix'>\n\n<style type=\"text\/css\" data-created_by=\"avia_inline_auto\" id=\"style-css-av-ef9597-1ec8b584a87d9718621d108c87de868c\">\n.flex_column.av-ef9597-1ec8b584a87d9718621d108c87de868c{\n-webkit-border-radius:0px 0px 0px 0px;\n-moz-border-radius:0px 0px 0px 0px;\nborder-radius:0px 0px 0px 0px;\npadding:0px 0px 0px 0px;\n}\n<\/style>\n<div  class='flex_column av-ef9597-1ec8b584a87d9718621d108c87de868c av_one_half  avia-builder-el-8  el_before_av_one_half  avia-builder-el-first  first flex_column_div av-zero-column-padding  '     ><style type=\"text\/css\" data-created_by=\"avia_inline_auto\" id=\"style-css-av-lezojpwi-039d6a2f61afe0cae9a5dcfb168017db\">\n.avia-image-container.av-lezojpwi-039d6a2f61afe0cae9a5dcfb168017db img.avia_image{\nbox-shadow:none;\n}\n.avia-image-container.av-lezojpwi-039d6a2f61afe0cae9a5dcfb168017db .av-image-caption-overlay-center{\ncolor:#ffffff;\n}\n<\/style>\n<div  class='avia-image-container av-lezojpwi-039d6a2f61afe0cae9a5dcfb168017db av-styling- avia-align-center  avia-builder-el-9  avia-builder-el-no-sibling '   itemprop=\"image\" itemscope=\"itemscope\" itemtype=\"https:\/\/schema.org\/ImageObject\" ><div class=\"avia-image-container-inner\"><div class=\"avia-image-overlay-wrap\"><img decoding=\"async\" class='wp-image-7433 avia-img-lazy-loading-not-7433 avia_image ' src=\"https:\/\/beltranmenjars.cat\/wp-content\/uploads\/2023\/03\/Pastis-de-verdures-i-salmo-per-emportar-barcelona.jpg\" alt='Pastis de verdures i salmo per emportar barcelona' title='Pastis de verdures i salmo per emportar barcelona'  height=\"900\" width=\"1200\"  itemprop=\"thumbnailUrl\" srcset=\"https:\/\/beltranmenjars.cat\/wp-content\/uploads\/2023\/03\/Pastis-de-verdures-i-salmo-per-emportar-barcelona.jpg 1200w, https:\/\/beltranmenjars.cat\/wp-content\/uploads\/2023\/03\/Pastis-de-verdures-i-salmo-per-emportar-barcelona-300x225.jpg 300w, https:\/\/beltranmenjars.cat\/wp-content\/uploads\/2023\/03\/Pastis-de-verdures-i-salmo-per-emportar-barcelona-1030x773.jpg 1030w, https:\/\/beltranmenjars.cat\/wp-content\/uploads\/2023\/03\/Pastis-de-verdures-i-salmo-per-emportar-barcelona-768x576.jpg 768w, https:\/\/beltranmenjars.cat\/wp-content\/uploads\/2023\/03\/Pastis-de-verdures-i-salmo-per-emportar-barcelona-705x529.jpg 705w, https:\/\/beltranmenjars.cat\/wp-content\/uploads\/2023\/03\/Pastis-de-verdures-i-salmo-per-emportar-barcelona-450x338.jpg 450w\" sizes=\"(max-width: 1200px) 100vw, 1200px\" \/><\/div><\/div><\/div><\/div>\n<style type=\"text\/css\" data-created_by=\"avia_inline_auto\" id=\"style-css-av-d7l7qz-881d985fb0d0b69cebb8c8d21f5ea5ff\">\n.flex_column.av-d7l7qz-881d985fb0d0b69cebb8c8d21f5ea5ff{\n-webkit-border-radius:0px 0px 0px 0px;\n-moz-border-radius:0px 0px 0px 0px;\nborder-radius:0px 0px 0px 0px;\npadding:0px 0px 0px 0px;\n}\n<\/style>\n<div  class='flex_column av-d7l7qz-881d985fb0d0b69cebb8c8d21f5ea5ff av_one_half  avia-builder-el-10  el_after_av_one_half  avia-builder-el-last  flex_column_div av-zero-column-padding  '     ><p>\n<style type=\"text\/css\" data-created_by=\"avia_inline_auto\" id=\"style-css-av-aiv4t7-35e6f612bff1cc99b0fb14d5fb9a2d60\">\n#top .hr.hr-invisible.av-aiv4t7-35e6f612bff1cc99b0fb14d5fb9a2d60{\nheight:30px;\n}\n<\/style>\n<div  class='hr av-aiv4t7-35e6f612bff1cc99b0fb14d5fb9a2d60 hr-invisible  avia-builder-el-11  el_before_av_heading  avia-builder-el-first '><span class='hr-inner '><span class=\"hr-inner-style\"><\/span><\/span><\/div><br \/>\n\n<style type=\"text\/css\" data-created_by=\"avia_inline_auto\" id=\"style-css-av-lezofokk-201837f4fbbfc96fad14bcee38baccfd\">\n#top .av-special-heading.av-lezofokk-201837f4fbbfc96fad14bcee38baccfd{\npadding-bottom:10px;\n}\nbody .av-special-heading.av-lezofokk-201837f4fbbfc96fad14bcee38baccfd .av-special-heading-tag .heading-char{\nfont-size:25px;\n}\n.av-special-heading.av-lezofokk-201837f4fbbfc96fad14bcee38baccfd .av-subheading{\nfont-size:15px;\n}\n<\/style>\n<div  class='av-special-heading av-lezofokk-201837f4fbbfc96fad14bcee38baccfd av-special-heading-h1 blockquote modern-quote  avia-builder-el-12  el_after_av_hr  el_before_av_hr '><h1 class='av-special-heading-tag'  itemprop=\"headline\"  >Men\u00fas diarios<\/h1><div class=\"special-heading-border\"><div class=\"special-heading-inner-border\"><\/div><\/div><\/div><br \/>\n\n<style type=\"text\/css\" data-created_by=\"avia_inline_auto\" id=\"style-css-av-9eul8r-1e0a0e59ba28da1121591c160820254d\">\n#top .hr.hr-invisible.av-9eul8r-1e0a0e59ba28da1121591c160820254d{\nheight:30px;\n}\n<\/style>\n<div  class='hr av-9eul8r-1e0a0e59ba28da1121591c160820254d hr-invisible  avia-builder-el-13  el_after_av_heading  el_before_av_textblock '><span class='hr-inner '><span class=\"hr-inner-style\"><\/span><\/span><\/div><br \/>\n<section  class='av_textblock_section av-lezogbgo-54d65f4c8dfe2f2f3176c0bcfa2319da '   itemscope=\"itemscope\" itemtype=\"https:\/\/schema.org\/CreativeWork\" ><div class='avia_textblock'  itemprop=\"text\" ><p>De lunes a viernes disponemos de tres men\u00fas diarios. El men\u00fa diario, el men\u00fa bajo en calor\u00edas y el men\u00fa vegetariano. Los tres concebidos para una alimentaci\u00f3n variada i de calidad a un precio ajustado.<\/p>\n<\/div><\/section><br \/>\n\n<style type=\"text\/css\" data-created_by=\"avia_inline_auto\" id=\"style-css-av-2sojv-7610400fced2f5c4bcbf2030fe1ccbd1\">\n#top .hr.hr-invisible.av-2sojv-7610400fced2f5c4bcbf2030fe1ccbd1{\nheight:30px;\n}\n<\/style>\n<div  class='hr av-2sojv-7610400fced2f5c4bcbf2030fe1ccbd1 hr-invisible  avia-builder-el-15  el_after_av_textblock  el_before_av_button '><span class='hr-inner '><span class=\"hr-inner-style\"><\/span><\/span><\/div><br \/>\n<div  class='avia-button-wrap av-lezoha4a-c1dc39e2850a07e79bc35ec25da91e5d-wrap avia-button-center  avia-builder-el-16  el_after_av_hr  avia-builder-el-last '><a href=''  class='avia-button av-lezoha4a-c1dc39e2850a07e79bc35ec25da91e5d avia-icon_select-no avia-size-large avia-position-center avia-color-theme-color'  ><span class='avia_iconbox_title' >Men\u00fa de hoy<\/span><\/a><\/div><\/p><\/div><\/div><\/div><\/div><!-- close content main div --><\/div><\/div><div id='after_section_2'  class='main_color av_default_container_wrap container_wrap sidebar_right'  ><div class='container av-section-cont-open' ><div class='template-page content  av-content-small alpha units'><div class='post-entry post-entry-type-page post-entry-8133'><div class='entry-content-wrapper clearfix'><div  class='flex_column av-5tpvuj-dd7375a8176f0518b4f9584ce29765b3 av_one_half  avia-builder-el-17  el_after_av_section  el_before_av_one_half  avia-builder-el-first  first flex_column_div  '     ><style type=\"text\/css\" data-created_by=\"avia_inline_auto\" id=\"style-css-av-lezoic04-384bd45e0c7508bf9939cddf4b424550\">\n.avia-image-container.av-lezoic04-384bd45e0c7508bf9939cddf4b424550 img.avia_image{\nbox-shadow:none;\n}\n.avia-image-container.av-lezoic04-384bd45e0c7508bf9939cddf4b424550 .av-image-caption-overlay-center{\ncolor:#ffffff;\n}\n<\/style>\n<div  class='avia-image-container av-lezoic04-384bd45e0c7508bf9939cddf4b424550 av-styling- avia-align-center  avia-builder-el-18  avia-builder-el-no-sibling '   itemprop=\"image\" itemscope=\"itemscope\" itemtype=\"https:\/\/schema.org\/ImageObject\" ><div class=\"avia-image-container-inner\"><div class=\"avia-image-overlay-wrap\"><img decoding=\"async\" class='wp-image-2008 avia-img-lazy-loading-not-2008 avia_image ' src=\"https:\/\/beltranmenjars.cat\/wp-content\/uploads\/2017\/04\/La-nostra-bodega.jpg\" alt='' title='\u00c0mplia selecci\u00f3 de vins a Beltran Catering'  height=\"683\" width=\"1024\"  itemprop=\"thumbnailUrl\" srcset=\"https:\/\/beltranmenjars.cat\/wp-content\/uploads\/2017\/04\/La-nostra-bodega.jpg 1024w, https:\/\/beltranmenjars.cat\/wp-content\/uploads\/2017\/04\/La-nostra-bodega-300x200.jpg 300w, https:\/\/beltranmenjars.cat\/wp-content\/uploads\/2017\/04\/La-nostra-bodega-768x512.jpg 768w, https:\/\/beltranmenjars.cat\/wp-content\/uploads\/2017\/04\/La-nostra-bodega-705x470.jpg 705w, https:\/\/beltranmenjars.cat\/wp-content\/uploads\/2017\/04\/La-nostra-bodega-450x300.jpg 450w\" sizes=\"(max-width: 1024px) 100vw, 1024px\" \/><\/div><\/div><\/div><\/div><\/p>\n<div  class='flex_column av-4olot7-24b88a22902a173ea5ddfcd0e1a410cc av_one_half  avia-builder-el-19  el_after_av_one_half  avia-builder-el-last  flex_column_div  '     ><style type=\"text\/css\" data-created_by=\"avia_inline_auto\" id=\"style-css-av-830ej-18833f58fe2dc5adbd7cff9f49cb3bfc\">\n.avia-image-container.av-830ej-18833f58fe2dc5adbd7cff9f49cb3bfc img.avia_image{\nbox-shadow:none;\n}\n.avia-image-container.av-830ej-18833f58fe2dc5adbd7cff9f49cb3bfc .av-image-caption-overlay-center{\ncolor:#ffffff;\n}\n<\/style>\n<div  class='avia-image-container av-830ej-18833f58fe2dc5adbd7cff9f49cb3bfc av-styling- avia-align-center  avia-builder-el-20  avia-builder-el-no-sibling '   itemprop=\"image\" itemscope=\"itemscope\" itemtype=\"https:\/\/schema.org\/ImageObject\" ><div class=\"avia-image-container-inner\"><div class=\"avia-image-overlay-wrap\"><img decoding=\"async\" class='wp-image-7889 avia-img-lazy-loading-not-7889 avia_image ' src=\"https:\/\/beltranmenjars.cat\/wp-content\/uploads\/2023\/03\/productes-gurments-barcelona-1.jpg\" alt='' title='productes-gurments-barcelona'  height=\"600\" width=\"400\"  itemprop=\"thumbnailUrl\" srcset=\"https:\/\/beltranmenjars.cat\/wp-content\/uploads\/2023\/03\/productes-gurments-barcelona-1.jpg 400w, https:\/\/beltranmenjars.cat\/wp-content\/uploads\/2023\/03\/productes-gurments-barcelona-1-200x300.jpg 200w\" sizes=\"(max-width: 400px) 100vw, 400px\" \/><\/div><\/div><\/div><\/div>\n","protected":false},"excerpt":{"rendered":"","protected":false},"author":1,"featured_media":0,"parent":0,"menu_order":200,"comment_status":"closed","ping_status":"closed","template":"","meta":[],"yoast_head":"<!-- This site is optimized with the Yoast SEO plugin v20.9 - https:\/\/yoast.com\/wordpress\/plugins\/seo\/ -->\n<title>Tienda - Beltran Menjars<\/title>\n<meta name=\"robots\" content=\"index, follow, max-snippet:-1, max-image-preview:large, max-video-preview:-1\" \/>\n<link rel=\"canonical\" href=\"https:\/\/beltranmenjars.cat\/es\/tienda\/\" \/>\n<meta name=\"twitter:label1\" content=\"Tiempo de lectura\" \/>\n\t<meta name=\"twitter:data1\" content=\"6 minutos\" \/>\n<script type=\"application\/ld+json\" class=\"yoast-schema-graph\">{\"@context\":\"https:\/\/schema.org\",\"@graph\":[{\"@type\":\"WebPage\",\"@id\":\"https:\/\/beltranmenjars.cat\/es\/tienda\/\",\"url\":\"https:\/\/beltranmenjars.cat\/es\/tienda\/\",\"name\":\"Tienda - Beltran Menjars\",\"isPartOf\":{\"@id\":\"https:\/\/beltranmenjars.cat\/#website\"},\"datePublished\":\"2023-03-08T12:47:23+00:00\",\"dateModified\":\"2023-03-16T15:53:47+00:00\",\"breadcrumb\":{\"@id\":\"https:\/\/beltranmenjars.cat\/es\/tienda\/#breadcrumb\"},\"inLanguage\":\"es\",\"potentialAction\":[{\"@type\":\"ReadAction\",\"target\":[\"https:\/\/beltranmenjars.cat\/es\/tienda\/\"]}]},{\"@type\":\"BreadcrumbList\",\"@id\":\"https:\/\/beltranmenjars.cat\/es\/tienda\/#breadcrumb\",\"itemListElement\":[{\"@type\":\"ListItem\",\"position\":1,\"name\":\"Portada\",\"item\":\"https:\/\/beltranmenjars.cat\/es\/inici\/\"},{\"@type\":\"ListItem\",\"position\":2,\"name\":\"Tienda\"}]},{\"@type\":\"WebSite\",\"@id\":\"https:\/\/beltranmenjars.cat\/#website\",\"url\":\"https:\/\/beltranmenjars.cat\/\",\"name\":\"Beltran Menjars\",\"description\":\"Beltran Menjars\",\"potentialAction\":[{\"@type\":\"SearchAction\",\"target\":{\"@type\":\"EntryPoint\",\"urlTemplate\":\"https:\/\/beltranmenjars.cat\/?s={search_term_string}\"},\"query-input\":\"required name=search_term_string\"}],\"inLanguage\":\"es\"}]}<\/script>\n<!-- \/ Yoast SEO plugin. -->","yoast_head_json":{"title":"Tienda - Beltran Menjars","robots":{"index":"index","follow":"follow","max-snippet":"max-snippet:-1","max-image-preview":"max-image-preview:large","max-video-preview":"max-video-preview:-1"},"canonical":"https:\/\/beltranmenjars.cat\/es\/tienda\/","twitter_misc":{"Tiempo de lectura":"6 minutos"},"schema":{"@context":"https:\/\/schema.org","@graph":[{"@type":"WebPage","@id":"https:\/\/beltranmenjars.cat\/es\/tienda\/","url":"https:\/\/beltranmenjars.cat\/es\/tienda\/","name":"Tienda - Beltran Menjars","isPartOf":{"@id":"https:\/\/beltranmenjars.cat\/#website"},"datePublished":"2023-03-08T12:47:23+00:00","dateModified":"2023-03-16T15:53:47+00:00","breadcrumb":{"@id":"https:\/\/beltranmenjars.cat\/es\/tienda\/#breadcrumb"},"inLanguage":"es","potentialAction":[{"@type":"ReadAction","target":["https:\/\/beltranmenjars.cat\/es\/tienda\/"]}]},{"@type":"BreadcrumbList","@id":"https:\/\/beltranmenjars.cat\/es\/tienda\/#breadcrumb","itemListElement":[{"@type":"ListItem","position":1,"name":"Portada","item":"https:\/\/beltranmenjars.cat\/es\/inici\/"},{"@type":"ListItem","position":2,"name":"Tienda"}]},{"@type":"WebSite","@id":"https:\/\/beltranmenjars.cat\/#website","url":"https:\/\/beltranmenjars.cat\/","name":"Beltran Menjars","description":"Beltran Menjars","potentialAction":[{"@type":"SearchAction","target":{"@type":"EntryPoint","urlTemplate":"https:\/\/beltranmenjars.cat\/?s={search_term_string}"},"query-input":"required name=search_term_string"}],"inLanguage":"es"}]}},"_links":{"self":[{"href":"https:\/\/beltranmenjars.cat\/es\/wp-json\/wp\/v2\/pages\/8133"}],"collection":[{"href":"https:\/\/beltranmenjars.cat\/es\/wp-json\/wp\/v2\/pages"}],"about":[{"href":"https:\/\/beltranmenjars.cat\/es\/wp-json\/wp\/v2\/types\/page"}],"author":[{"embeddable":true,"href":"https:\/\/beltranmenjars.cat\/es\/wp-json\/wp\/v2\/users\/1"}],"replies":[{"embeddable":true,"href":"https:\/\/beltranmenjars.cat\/es\/wp-json\/wp\/v2\/comments?post=8133"}],"version-history":[{"count":7,"href":"https:\/\/beltranmenjars.cat\/es\/wp-json\/wp\/v2\/pages\/8133\/revisions"}],"predecessor-version":[{"id":8306,"href":"https:\/\/beltranmenjars.cat\/es\/wp-json\/wp\/v2\/pages\/8133\/revisions\/8306"}],"wp:attachment":[{"href":"https:\/\/beltranmenjars.cat\/es\/wp-json\/wp\/v2\/media?parent=8133"}],"curies":[{"name":"wp","href":"https:\/\/api.w.org\/{rel}","templated":true}]}}