{"id":2270,"date":"2017-04-03T16:39:06","date_gmt":"2017-04-03T14:39:06","guid":{"rendered":"https:\/\/beltranmenjars.cat\/?page_id=2270"},"modified":"2023-03-16T16:02:31","modified_gmt":"2023-03-16T14:02:31","slug":"who-we-are","status":"publish","type":"page","link":"https:\/\/beltranmenjars.cat\/en\/who-we-are\/","title":{"rendered":"Who we are?"},"content":{"rendered":"\n<style type=\"text\/css\" data-created_by=\"avia_inline_auto\" id=\"style-css-av-851jh-7f7b7c340664f4d5e96087fd2e8e8142\">\n.avia-section.av-851jh-7f7b7c340664f4d5e96087fd2e8e8142 .av-parallax .av-parallax-inner{\nbackground-repeat:no-repeat;\nbackground-image:url(https:\/\/beltranmenjars.cat\/wp-content\/uploads\/2023\/03\/Risotto-de-presa-iberica-Beltran-Menjars.jpg);\nbackground-position:50% 50%;\nbackground-attachment:scroll;\n}\n.avia-section.av-851jh-7f7b7c340664f4d5e96087fd2e8e8142 .av-section-color-overlay{\nopacity:0.2;\nbackground-color:#000000;\n}\n<\/style>\n<div id='av_section_1'  class='avia-section av-851jh-7f7b7c340664f4d5e96087fd2e8e8142 main_color avia-section-default avia-no-border-styling  avia-builder-el-0  el_before_av_one_half  avia-builder-el-first  av-parallax-section avia-bg-style-parallax av-section-color-overlay-active av-minimum-height av-minimum-height-50 av-height-50  container_wrap sidebar_right'  data-section-bg-repeat='no-repeat' data-av_minimum_height_pc='50' data-av_min_height_opt='50'><div class='av-parallax' data-avia-parallax-ratio='0.3' ><div class='av-parallax-inner main_color avia-full-stretch'><\/div><\/div><div class=\"av-section-color-overlay-wrap\"><div class=\"av-section-color-overlay\"><\/div><div class='container av-section-cont-open' ><main  role=\"main\" itemprop=\"mainContentOfPage\"  class='template-page content  av-content-small alpha units'><div class='post-entry post-entry-type-page post-entry-2270'><div class='entry-content-wrapper clearfix'>\n\n<style type=\"text\/css\" data-created_by=\"avia_inline_auto\" id=\"style-css-av-leznhlwe-192c1700b01997366ae170490c3949d0\">\n#top .av-special-heading.av-leznhlwe-192c1700b01997366ae170490c3949d0{\npadding-bottom:10px;\ncolor:#ffffff;\nfont-size:40px;\n}\nbody .av-special-heading.av-leznhlwe-192c1700b01997366ae170490c3949d0 .av-special-heading-tag .heading-char{\nfont-size:25px;\n}\n#top #wrap_all .av-special-heading.av-leznhlwe-192c1700b01997366ae170490c3949d0 .av-special-heading-tag{\nfont-size:40px;\n}\n.av-special-heading.av-leznhlwe-192c1700b01997366ae170490c3949d0 .special-heading-inner-border{\nborder-color:#ffffff;\n}\n.av-special-heading.av-leznhlwe-192c1700b01997366ae170490c3949d0 .av-subheading{\nfont-size:15px;\n}\n\n@media only screen and (min-width: 480px) and (max-width: 767px){ \n#top #wrap_all .av-special-heading.av-leznhlwe-192c1700b01997366ae170490c3949d0 .av-special-heading-tag{\nfont-size:0.8em;\n}\n}\n\n@media only screen and (max-width: 479px){ \n#top #wrap_all .av-special-heading.av-leznhlwe-192c1700b01997366ae170490c3949d0 .av-special-heading-tag{\nfont-size:0.8em;\n}\n}\n<\/style>\n<div  class='av-special-heading av-leznhlwe-192c1700b01997366ae170490c3949d0 av-special-heading-h2 custom-color-heading blockquote modern-quote modern-centered  avia-builder-el-1  avia-builder-el-no-sibling  av-inherit-size'><h2 class='av-special-heading-tag'  itemprop=\"headline\"  >Let yourself be captivated by the taste and quali- ty of our traditional food!<\/h2><div class=\"special-heading-border\"><div class=\"special-heading-inner-border\"><\/div><\/div><\/div>\n<\/div><\/div><\/main><!-- close content main element --><\/div><\/div><\/div><div id='after_section_1'  class='main_color av_default_container_wrap container_wrap sidebar_right'  ><div class='container av-section-cont-open' ><div class='template-page content  av-content-small alpha units'><div class='post-entry post-entry-type-page post-entry-2270'><div class='entry-content-wrapper clearfix'>\n<style type=\"text\/css\" data-created_by=\"avia_inline_auto\" id=\"style-css-av-1uvetp-e2fb228c3e282823bd70374b19e87888\">\n.flex_column.av-1uvetp-e2fb228c3e282823bd70374b19e87888{\n-webkit-border-radius:0px 0px 0px 0px;\n-moz-border-radius:0px 0px 0px 0px;\nborder-radius:0px 0px 0px 0px;\npadding:0px 0px 0px 0px;\n}\n<\/style>\n<div  class='flex_column av-1uvetp-e2fb228c3e282823bd70374b19e87888 av_one_half  avia-builder-el-2  el_after_av_section  el_before_av_one_half  avia-builder-el-first  first flex_column_div av-zero-column-padding  '     ><section  class='av_textblock_section av-1jhvrp-4ebf8b41b884e926432ef2176c6a00cc '   itemscope=\"itemscope\" itemtype=\"https:\/\/schema.org\/CreativeWork\" ><div class='avia_textblock'  itemprop=\"text\" ><p>On Monday 12 April 1954, Beltran opened its doors for the first time on Carrer Consejo de Ciento, in the heart of Barcelona\u2019s Eixample district, offering cooked vegetables and salted fish for sale. Tom\u00e0s Beltran and Ernestina Saba- t\u00e9 were in charge.<\/p>\n<p>The Beltran family has witnessed the evolution of gastronomy over the decades, but we have never lost our respect and passion for culinary tradition.<\/p>\n<p>Here, each dish is prepared with the freshest and most authentic ingredients, following the original recipes that have been handed down from generation to generation.<\/p>\n<p>The souls of this transformation were Enric Beltran at the counter and \u00c1ngeles Aguilar in the kitchen. Today the business is run by the third generation with Susana Beltran as the cornerstone.<\/p>\n<p>Let yourself be captivated by the flavour and quality of our traditional food.<\/p>\n<\/div><\/section><\/div>\n<style type=\"text\/css\" data-created_by=\"avia_inline_auto\" id=\"style-css-av-1esatx-68367b34c808b6d2227160616f492465\">\n.flex_column.av-1esatx-68367b34c808b6d2227160616f492465{\n-webkit-border-radius:0px 0px 0px 0px;\n-moz-border-radius:0px 0px 0px 0px;\nborder-radius:0px 0px 0px 0px;\npadding:0px 0px 0px 0px;\n}\n<\/style>\n<div  class='flex_column av-1esatx-68367b34c808b6d2227160616f492465 av_one_half  avia-builder-el-4  el_after_av_one_half  el_before_av_hr  flex_column_div av-zero-column-padding  '     ><style type=\"text\/css\" data-created_by=\"avia_inline_auto\" id=\"style-css-av-1akc5h-98727d9ba1a03eda3479f52a86e86d7e\">\n.avia-image-container.av-1akc5h-98727d9ba1a03eda3479f52a86e86d7e img.avia_image{\nbox-shadow:none;\n}\n.avia-image-container.av-1akc5h-98727d9ba1a03eda3479f52a86e86d7e .av-image-caption-overlay-center{\ncolor:#ffffff;\n}\n<\/style>\n<div  class='avia-image-container av-1akc5h-98727d9ba1a03eda3479f52a86e86d7e av-styling- avia-align-center  avia-builder-el-5  avia-builder-el-no-sibling '   itemprop=\"image\" itemscope=\"itemscope\" itemtype=\"https:\/\/schema.org\/ImageObject\" ><div class=\"avia-image-container-inner\"><div class=\"avia-image-overlay-wrap\"><img decoding=\"async\" class='wp-image-8020 avia-img-lazy-loading-not-8020 avia_image ' src=\"https:\/\/beltranmenjars.cat\/wp-content\/uploads\/2023\/03\/03-La-nostra-botiga-02.jpg\" alt='' title='03-La-nostra-botiga-02'  height=\"595\" width=\"1024\"  itemprop=\"thumbnailUrl\" srcset=\"https:\/\/beltranmenjars.cat\/wp-content\/uploads\/2023\/03\/03-La-nostra-botiga-02.jpg 1024w, https:\/\/beltranmenjars.cat\/wp-content\/uploads\/2023\/03\/03-La-nostra-botiga-02-300x174.jpg 300w, https:\/\/beltranmenjars.cat\/wp-content\/uploads\/2023\/03\/03-La-nostra-botiga-02-768x446.jpg 768w, https:\/\/beltranmenjars.cat\/wp-content\/uploads\/2023\/03\/03-La-nostra-botiga-02-705x410.jpg 705w, https:\/\/beltranmenjars.cat\/wp-content\/uploads\/2023\/03\/03-La-nostra-botiga-02-450x261.jpg 450w\" sizes=\"(max-width: 1024px) 100vw, 1024px\" \/><\/div><\/div><\/div><\/div><\/p>\n\n<style type=\"text\/css\" data-created_by=\"avia_inline_auto\" id=\"style-css-av-h03nh-183396715a92497fcc67d47f1b41f55d\">\n#top .hr.hr-invisible.av-h03nh-183396715a92497fcc67d47f1b41f55d{\nheight:30px;\n}\n<\/style>\n<div  class='hr av-h03nh-183396715a92497fcc67d47f1b41f55d hr-invisible  avia-builder-el-6  el_after_av_one_half  el_before_av_heading '><span class='hr-inner '><span class=\"hr-inner-style\"><\/span><\/span><\/div>\n\n<style type=\"text\/css\" data-created_by=\"avia_inline_auto\" id=\"style-css-av-lezniyy3-8de7b1ce66dc18cae3502c3e0c0692a9\">\n#top .av-special-heading.av-lezniyy3-8de7b1ce66dc18cae3502c3e0c0692a9{\npadding-bottom:10px;\n}\nbody .av-special-heading.av-lezniyy3-8de7b1ce66dc18cae3502c3e0c0692a9 .av-special-heading-tag .heading-char{\nfont-size:25px;\n}\n.av-special-heading.av-lezniyy3-8de7b1ce66dc18cae3502c3e0c0692a9 .av-subheading{\nfont-size:15px;\n}\n<\/style>\n<div  class='av-special-heading av-lezniyy3-8de7b1ce66dc18cae3502c3e0c0692a9 av-special-heading-h1 blockquote elegant-quote elegant-centered  avia-builder-el-7  el_after_av_hr  el_before_av_hr '><h1 class='av-special-heading-tag'  itemprop=\"headline\"  ><span class=\"heading-wrap\">Mission, vision and values<\/span><\/h1><div class=\"special-heading-border\"><div class=\"special-heading-inner-border\"><\/div><\/div><\/div>\n\n<style type=\"text\/css\" data-created_by=\"avia_inline_auto\" id=\"style-css-av-leznwbgt-8f17ea70b48f01585d0beb890816c640\">\n#top .hr.hr-invisible.av-leznwbgt-8f17ea70b48f01585d0beb890816c640{\nheight:40px;\n}\n<\/style>\n<div  class='hr av-leznwbgt-8f17ea70b48f01585d0beb890816c640 hr-invisible  avia-builder-el-8  el_after_av_heading  el_before_av_one_half '><span class='hr-inner '><span class=\"hr-inner-style\"><\/span><\/span><\/div>\n\n<style type=\"text\/css\" data-created_by=\"avia_inline_auto\" id=\"style-css-av-11x3od-4b9a02c440e211b1322a2f28cf4005a3\">\n.flex_column.av-11x3od-4b9a02c440e211b1322a2f28cf4005a3{\n-webkit-border-radius:0px 0px 0px 0px;\n-moz-border-radius:0px 0px 0px 0px;\nborder-radius:0px 0px 0px 0px;\npadding:0px 0px 0px 0px;\n}\n<\/style>\n<div  class='flex_column av-11x3od-4b9a02c440e211b1322a2f28cf4005a3 av_one_half  avia-builder-el-9  el_after_av_hr  el_before_av_one_half  first flex_column_div av-zero-column-padding  '     ><style type=\"text\/css\" data-created_by=\"avia_inline_auto\" id=\"style-css-av-ziokd-7f6a697230ba5482e5a6650b73f3d9b6\">\n.avia-image-container.av-ziokd-7f6a697230ba5482e5a6650b73f3d9b6 img.avia_image{\nbox-shadow:none;\n}\n.avia-image-container.av-ziokd-7f6a697230ba5482e5a6650b73f3d9b6 .av-image-caption-overlay-center{\ncolor:#ffffff;\n}\n<\/style>\n<div  class='avia-image-container av-ziokd-7f6a697230ba5482e5a6650b73f3d9b6 av-styling- avia-align-center  avia-builder-el-10  avia-builder-el-no-sibling '   itemprop=\"image\" itemscope=\"itemscope\" itemtype=\"https:\/\/schema.org\/ImageObject\" ><div class=\"avia-image-container-inner\"><div class=\"avia-image-overlay-wrap\"><img decoding=\"async\" class='wp-image-7394 avia-img-lazy-loading-not-7394 avia_image ' src=\"https:\/\/beltranmenjars.cat\/wp-content\/uploads\/2023\/03\/menjars-casolans-barcelona-845x684.jpg\" alt='' title='menjars casolans barcelona'  height=\"684\" width=\"845\"  itemprop=\"thumbnailUrl\" srcset=\"https:\/\/beltranmenjars.cat\/wp-content\/uploads\/2023\/03\/menjars-casolans-barcelona-845x684.jpg 845w, https:\/\/beltranmenjars.cat\/wp-content\/uploads\/2023\/03\/menjars-casolans-barcelona-495x400.jpg 495w\" sizes=\"(max-width: 845px) 100vw, 845px\" \/><\/div><\/div><\/div><\/div>\n\n<style type=\"text\/css\" data-created_by=\"avia_inline_auto\" id=\"style-css-av-2oip1-2f2ed6982891ba8c453bbb8a219485fd\">\n.flex_column.av-2oip1-2f2ed6982891ba8c453bbb8a219485fd{\n-webkit-border-radius:0px 0px 0px 0px;\n-moz-border-radius:0px 0px 0px 0px;\nborder-radius:0px 0px 0px 0px;\npadding:0px 0px 0px 0px;\n}\n<\/style>\n<div  class='flex_column av-2oip1-2f2ed6982891ba8c453bbb8a219485fd av_one_half  avia-builder-el-11  el_after_av_one_half  el_before_av_section  avia-builder-el-last  flex_column_div av-zero-column-padding  '     ><p>\n<style type=\"text\/css\" data-created_by=\"avia_inline_auto\" id=\"style-css-av-21cghh-d31a0702902d9fbd78671f09d3b2dee6\">\n#top .hr.hr-invisible.av-21cghh-d31a0702902d9fbd78671f09d3b2dee6{\nheight:30px;\n}\n<\/style>\n<div  class='hr av-21cghh-d31a0702902d9fbd78671f09d3b2dee6 hr-invisible  avia-builder-el-12  el_before_av_heading  avia-builder-el-first '><span class='hr-inner '><span class=\"hr-inner-style\"><\/span><\/span><\/div><br \/>\n\n<style type=\"text\/css\" data-created_by=\"avia_inline_auto\" id=\"style-css-av-leznq1gz-a92d00bfb283cb987c4ee828431e4e08\">\n#top .av-special-heading.av-leznq1gz-a92d00bfb283cb987c4ee828431e4e08{\npadding-bottom:10px;\n}\nbody .av-special-heading.av-leznq1gz-a92d00bfb283cb987c4ee828431e4e08 .av-special-heading-tag .heading-char{\nfont-size:25px;\n}\n.av-special-heading.av-leznq1gz-a92d00bfb283cb987c4ee828431e4e08 .av-subheading{\nfont-size:15px;\n}\n<\/style>\n<div  class='av-special-heading av-leznq1gz-a92d00bfb283cb987c4ee828431e4e08 av-special-heading-h1 blockquote modern-quote  avia-builder-el-13  el_after_av_hr  el_before_av_hr '><h1 class='av-special-heading-tag'  itemprop=\"headline\"  >Mission<\/h1><div class=\"special-heading-border\"><div class=\"special-heading-inner-border\"><\/div><\/div><\/div><br \/>\n\n<style type=\"text\/css\" data-created_by=\"avia_inline_auto\" id=\"style-css-av-1wphol-6eb3368bceb94f8a5197f59f3b108c34\">\n#top .hr.hr-invisible.av-1wphol-6eb3368bceb94f8a5197f59f3b108c34{\nheight:30px;\n}\n<\/style>\n<div  class='hr av-1wphol-6eb3368bceb94f8a5197f59f3b108c34 hr-invisible  avia-builder-el-14  el_after_av_heading  el_before_av_textblock '><span class='hr-inner '><span class=\"hr-inner-style\"><\/span><\/span><\/div><br \/>\n<section  class='av_textblock_section av-lfl5x-86af43c63a9473edbe8df7079186a239 '   itemscope=\"itemscope\" itemtype=\"https:\/\/schema.org\/CreativeWork\" ><div class='avia_textblock'  itemprop=\"text\" ><p>At Beltran Catering, our mission is to provide high quality catering services and to offer a unique and memorable culinary experience to each client. We strive to make every event a success and to establish lasting relationships with our clients through our commitment to excellence in everything we do.<\/p>\n<\/div><\/section><\/p><\/div><\/div><\/div><\/div><!-- close content main div --><\/div><\/div>\n<style type=\"text\/css\" data-created_by=\"avia_inline_auto\" id=\"style-css-av-66zxp-4bd1765be481b237a199abc0b69c1704\">\n.avia-section.av-66zxp-4bd1765be481b237a199abc0b69c1704{\nbackground-color:#f2ede3;\nbackground-image:unset;\n}\n<\/style>\n<div id='av_section_2'  class='avia-section av-66zxp-4bd1765be481b237a199abc0b69c1704 main_color avia-section-default avia-no-shadow  avia-builder-el-16  el_after_av_one_half  el_before_av_section  avia-bg-style-scroll container_wrap sidebar_right'  ><div class='container av-section-cont-open' ><div class='template-page content  av-content-small alpha units'><div class='post-entry post-entry-type-page post-entry-2270'><div class='entry-content-wrapper clearfix'>\n\n<style type=\"text\/css\" data-created_by=\"avia_inline_auto\" id=\"style-css-av-1lr3dp-142bdb1d6edd8598cedaa5a9812a21ba\">\n.flex_column.av-1lr3dp-142bdb1d6edd8598cedaa5a9812a21ba{\n-webkit-border-radius:0px 0px 0px 0px;\n-moz-border-radius:0px 0px 0px 0px;\nborder-radius:0px 0px 0px 0px;\npadding:0px 0px 0px 0px;\n}\n<\/style>\n<div  class='flex_column av-1lr3dp-142bdb1d6edd8598cedaa5a9812a21ba av_one_half  avia-builder-el-17  el_before_av_one_half  avia-builder-el-first  first flex_column_div av-zero-column-padding  '     ><p>\n<style type=\"text\/css\" data-created_by=\"avia_inline_auto\" id=\"style-css-av-1h0b8d-73fbb5d9fd3505294368527ab1b81b1a\">\n#top .hr.hr-invisible.av-1h0b8d-73fbb5d9fd3505294368527ab1b81b1a{\nheight:30px;\n}\n<\/style>\n<div  class='hr av-1h0b8d-73fbb5d9fd3505294368527ab1b81b1a hr-invisible  avia-builder-el-18  el_before_av_heading  avia-builder-el-first '><span class='hr-inner '><span class=\"hr-inner-style\"><\/span><\/span><\/div><br \/>\n\n<style type=\"text\/css\" data-created_by=\"avia_inline_auto\" id=\"style-css-av-lezns4xd-c31e7ab56b0d3b9102a27fa5cab84bae\">\n#top .av-special-heading.av-lezns4xd-c31e7ab56b0d3b9102a27fa5cab84bae{\npadding-bottom:10px;\n}\nbody .av-special-heading.av-lezns4xd-c31e7ab56b0d3b9102a27fa5cab84bae .av-special-heading-tag .heading-char{\nfont-size:25px;\n}\n.av-special-heading.av-lezns4xd-c31e7ab56b0d3b9102a27fa5cab84bae .av-subheading{\nfont-size:15px;\n}\n<\/style>\n<div  class='av-special-heading av-lezns4xd-c31e7ab56b0d3b9102a27fa5cab84bae av-special-heading-h1 blockquote modern-quote  avia-builder-el-19  el_after_av_hr  el_before_av_hr '><h1 class='av-special-heading-tag'  itemprop=\"headline\"  >Vision<\/h1><div class=\"special-heading-border\"><div class=\"special-heading-inner-border\"><\/div><\/div><\/div><br \/>\n\n<style type=\"text\/css\" data-created_by=\"avia_inline_auto\" id=\"style-css-av-18mxp1-9b0d670349e015e3d497e44665f15cd8\">\n#top .hr.hr-invisible.av-18mxp1-9b0d670349e015e3d497e44665f15cd8{\nheight:30px;\n}\n<\/style>\n<div  class='hr av-18mxp1-9b0d670349e015e3d497e44665f15cd8 hr-invisible  avia-builder-el-20  el_after_av_heading  el_before_av_textblock '><span class='hr-inner '><span class=\"hr-inner-style\"><\/span><\/span><\/div><br \/>\n<section  class='av_textblock_section av-leznryne-48db5e8848a984a3efc5e718bee9b9ba '   itemscope=\"itemscope\" itemtype=\"https:\/\/schema.org\/CreativeWork\" ><div class='avia_textblock'  itemprop=\"text\" ><p>Our vision is to be recognised as a leader in the catering industry by providing exceptional service and high quality products to our clients. We strive to maintain a culture of innovation and continuous improvement, to ensure that we are always at the forefront of our customers\u2019 trends and expectations.<\/p>\n<\/div><\/section><\/p><\/div>\n<style type=\"text\/css\" data-created_by=\"avia_inline_auto\" id=\"style-css-av-13k1l9-8ac5e3c9b430152a9557c21d779eb159\">\n.flex_column.av-13k1l9-8ac5e3c9b430152a9557c21d779eb159{\n-webkit-border-radius:0px 0px 0px 0px;\n-moz-border-radius:0px 0px 0px 0px;\nborder-radius:0px 0px 0px 0px;\npadding:0px 0px 0px 0px;\n}\n<\/style>\n<div  class='flex_column av-13k1l9-8ac5e3c9b430152a9557c21d779eb159 av_one_half  avia-builder-el-22  el_after_av_one_half  avia-builder-el-last  flex_column_div av-zero-column-padding  '     ><style type=\"text\/css\" data-created_by=\"avia_inline_auto\" id=\"style-css-av-leznrsoe-5adf62eb8a20117aaf21de58fa6b2492\">\n.avia-image-container.av-leznrsoe-5adf62eb8a20117aaf21de58fa6b2492 img.avia_image{\nbox-shadow:none;\n}\n.avia-image-container.av-leznrsoe-5adf62eb8a20117aaf21de58fa6b2492 .av-image-caption-overlay-center{\ncolor:#ffffff;\n}\n<\/style>\n<div  class='avia-image-container av-leznrsoe-5adf62eb8a20117aaf21de58fa6b2492 av-styling- avia-align-center  avia-builder-el-23  avia-builder-el-no-sibling '   itemprop=\"image\" itemscope=\"itemscope\" itemtype=\"https:\/\/schema.org\/ImageObject\" ><div class=\"avia-image-container-inner\"><div class=\"avia-image-overlay-wrap\"><img decoding=\"async\" class='wp-image-7400 avia-img-lazy-loading-not-7400 avia_image ' src=\"https:\/\/beltranmenjars.cat\/wp-content\/uploads\/2023\/03\/Postres-beltran-menjars-barcelona.jpg\" alt='' title='Postres beltran menjars barcelona'  height=\"900\" width=\"1200\"  itemprop=\"thumbnailUrl\" srcset=\"https:\/\/beltranmenjars.cat\/wp-content\/uploads\/2023\/03\/Postres-beltran-menjars-barcelona.jpg 1200w, https:\/\/beltranmenjars.cat\/wp-content\/uploads\/2023\/03\/Postres-beltran-menjars-barcelona-300x225.jpg 300w, https:\/\/beltranmenjars.cat\/wp-content\/uploads\/2023\/03\/Postres-beltran-menjars-barcelona-1030x773.jpg 1030w, https:\/\/beltranmenjars.cat\/wp-content\/uploads\/2023\/03\/Postres-beltran-menjars-barcelona-768x576.jpg 768w, https:\/\/beltranmenjars.cat\/wp-content\/uploads\/2023\/03\/Postres-beltran-menjars-barcelona-705x529.jpg 705w, https:\/\/beltranmenjars.cat\/wp-content\/uploads\/2023\/03\/Postres-beltran-menjars-barcelona-450x338.jpg 450w\" sizes=\"(max-width: 1200px) 100vw, 1200px\" \/><\/div><\/div><\/div><\/div><\/div><\/div><\/div><!-- close content main div --><\/div><\/div>\n<style type=\"text\/css\" data-created_by=\"avia_inline_auto\" id=\"style-css-av-3j5bh-9363537bcc5054a9d862711b813c5cbd\">\n.avia-section.av-3j5bh-9363537bcc5054a9d862711b813c5cbd{\nbackground-color:#ffffff;\nbackground-image:unset;\n}\n<\/style>\n<div id='av_section_3'  class='avia-section av-3j5bh-9363537bcc5054a9d862711b813c5cbd main_color avia-section-default avia-no-shadow  avia-builder-el-24  el_after_av_section  avia-builder-el-last  avia-bg-style-scroll container_wrap sidebar_right'  ><div class='container av-section-cont-open' ><div class='template-page content  av-content-small alpha units'><div class='post-entry post-entry-type-page post-entry-2270'><div class='entry-content-wrapper clearfix'>\n\n<style type=\"text\/css\" data-created_by=\"avia_inline_auto\" id=\"style-css-av-s9k3p-be53adf6cbbfc7a2555d1de67e734578\">\n#top .av-special-heading.av-s9k3p-be53adf6cbbfc7a2555d1de67e734578{\npadding-bottom:10px;\n}\nbody .av-special-heading.av-s9k3p-be53adf6cbbfc7a2555d1de67e734578 .av-special-heading-tag .heading-char{\nfont-size:25px;\n}\n.av-special-heading.av-s9k3p-be53adf6cbbfc7a2555d1de67e734578 .av-subheading{\nfont-size:15px;\n}\n<\/style>\n<div  class='av-special-heading av-s9k3p-be53adf6cbbfc7a2555d1de67e734578 av-special-heading-h1 blockquote modern-quote  avia-builder-el-25  el_before_av_hr  avia-builder-el-first '><h1 class='av-special-heading-tag'  itemprop=\"headline\"  >Values<\/h1><div class=\"special-heading-border\"><div class=\"special-heading-inner-border\"><\/div><\/div><\/div>\n\n<style type=\"text\/css\" data-created_by=\"avia_inline_auto\" id=\"style-css-av-kb88d-6dca496ef6340d62e093d28f24918363\">\n#top .hr.hr-invisible.av-kb88d-6dca496ef6340d62e093d28f24918363{\nheight:30px;\n}\n<\/style>\n<div  class='hr av-kb88d-6dca496ef6340d62e093d28f24918363 hr-invisible  avia-builder-el-26  el_after_av_heading  el_before_av_textblock '><span class='hr-inner '><span class=\"hr-inner-style\"><\/span><\/span><\/div>\n\n<style type=\"text\/css\" data-created_by=\"avia_inline_auto\" id=\"style-css-av-lezntfqz-0a4fc0fe88540ceaa459ef53811f011f\">\n#top .av_textblock_section.av-lezntfqz-0a4fc0fe88540ceaa459ef53811f011f .avia_textblock{\ncolor:#666666;\n}\n<\/style>\n<section  class='av_textblock_section av-lezntfqz-0a4fc0fe88540ceaa459ef53811f011f '   itemscope=\"itemscope\" itemtype=\"https:\/\/schema.org\/CreativeWork\" ><div class='avia_textblock av_inherit_color'  itemprop=\"text\" ><p><strong>Passion and love for food:<\/strong> We believe that food should not only be delicious, but also a visual and cultural experien- ce that leaves a lasting memory for our<\/p>\n<p><strong>Commitment to excellence:<\/strong> We strive to be the best at what we do and to deliver high quality catering services to every<\/p>\n<p><strong>Respect for clients:<\/strong> We value long-lasting relationships with our customers and strive to understand and meet their<\/p>\n<p><strong>Collaboration:<\/strong> As a family, we work together to achieve our goals and provide exceptional service to each<\/p>\n<p><strong>Social Responsibility:<\/strong> We believe in being responsible to our environment and using high quality, sustainable pro- ducts in our culinary<\/p>\n<\/div><\/section>\n\n<style type=\"text\/css\" data-created_by=\"avia_inline_auto\" id=\"style-css-av-d1uid-d58ff3e47e81090515d4e3cfbae34733\">\n#top .hr.hr-invisible.av-d1uid-d58ff3e47e81090515d4e3cfbae34733{\nheight:30px;\n}\n<\/style>\n<div  class='hr av-d1uid-d58ff3e47e81090515d4e3cfbae34733 hr-invisible  avia-builder-el-28  el_after_av_textblock  el_before_av_image '><span class='hr-inner '><span class=\"hr-inner-style\"><\/span><\/span><\/div>\n\n<style type=\"text\/css\" data-created_by=\"avia_inline_auto\" id=\"style-css-av-lf000j51-df62766362fec6a349fb26d4733faa6e\">\n.avia-image-container.av-lf000j51-df62766362fec6a349fb26d4733faa6e img.avia_image{\nbox-shadow:none;\n}\n.avia-image-container.av-lf000j51-df62766362fec6a349fb26d4733faa6e .av-image-caption-overlay-center{\ncolor:#ffffff;\n}\n<\/style>\n<div  class='avia-image-container av-lf000j51-df62766362fec6a349fb26d4733faa6e av-styling- avia-align-center  avia-builder-el-29  el_after_av_hr  el_before_av_image '   itemprop=\"image\" itemscope=\"itemscope\" itemtype=\"https:\/\/schema.org\/ImageObject\" ><div class=\"avia-image-container-inner\"><div class=\"avia-image-overlay-wrap\"><img decoding=\"async\" class='wp-image-7664 avia-img-lazy-loading-not-7664 avia_image ' src=\"https:\/\/beltranmenjars.cat\/wp-content\/uploads\/2023\/03\/sucs-equip-catering-barcelona-1.jpg\" alt='sucs equip catering barcelona' title='sucs equip catering barcelona'  height=\"900\" width=\"1200\"  itemprop=\"thumbnailUrl\" srcset=\"https:\/\/beltranmenjars.cat\/wp-content\/uploads\/2023\/03\/sucs-equip-catering-barcelona-1.jpg 1200w, https:\/\/beltranmenjars.cat\/wp-content\/uploads\/2023\/03\/sucs-equip-catering-barcelona-1-300x225.jpg 300w, https:\/\/beltranmenjars.cat\/wp-content\/uploads\/2023\/03\/sucs-equip-catering-barcelona-1-1030x773.jpg 1030w, https:\/\/beltranmenjars.cat\/wp-content\/uploads\/2023\/03\/sucs-equip-catering-barcelona-1-768x576.jpg 768w, https:\/\/beltranmenjars.cat\/wp-content\/uploads\/2023\/03\/sucs-equip-catering-barcelona-1-705x529.jpg 705w, https:\/\/beltranmenjars.cat\/wp-content\/uploads\/2023\/03\/sucs-equip-catering-barcelona-1-450x338.jpg 450w\" sizes=\"(max-width: 1200px) 100vw, 1200px\" \/><\/div><\/div><\/div>\n\n<\/div><\/div><\/div><!-- close content main div --><\/div><\/div><div id='after_section_3'  class='main_color av_default_container_wrap container_wrap sidebar_right'  ><div class='container av-section-cont-open' ><div class='template-page content  av-content-small alpha units'><div class='post-entry post-entry-type-page post-entry-2270'><div class='entry-content-wrapper clearfix'><\/p>\n","protected":false},"excerpt":{"rendered":"","protected":false},"author":1,"featured_media":0,"parent":0,"menu_order":100,"comment_status":"closed","ping_status":"closed","template":"","meta":[],"yoast_head":"<!-- This site is optimized with the Yoast SEO plugin v20.9 - https:\/\/yoast.com\/wordpress\/plugins\/seo\/ -->\n<title>Beltran Menjars - Qui som?<\/title>\n<meta name=\"description\" content=\"Al carrer Consell de Cent, 101 de Barcelona, un dilluns 12 d\u2019abril de 1954, Beltran obre les seves portes. Al capdavant en Tom\u00e0s Beltran i l\u2019Ernestina Sabat\u00e9. El que comen\u00e7a com un petit comer\u00e7 de venda de llegums i pesca salada es transforma i creix amb el pas del temps.\" \/>\n<meta name=\"robots\" content=\"index, follow, max-snippet:-1, max-image-preview:large, max-video-preview:-1\" \/>\n<link rel=\"canonical\" href=\"https:\/\/beltranmenjars.cat\/en\/who-we-are\/\" \/>\n<meta name=\"twitter:label1\" content=\"Est. reading time\" \/>\n\t<meta name=\"twitter:data1\" content=\"8 minutes\" \/>\n<script type=\"application\/ld+json\" class=\"yoast-schema-graph\">{\"@context\":\"https:\/\/schema.org\",\"@graph\":[{\"@type\":\"WebPage\",\"@id\":\"https:\/\/beltranmenjars.cat\/en\/who-we-are\/\",\"url\":\"https:\/\/beltranmenjars.cat\/en\/who-we-are\/\",\"name\":\"Beltran Menjars - Qui som?\",\"isPartOf\":{\"@id\":\"https:\/\/beltranmenjars.cat\/#website\"},\"datePublished\":\"2017-04-03T14:39:06+00:00\",\"dateModified\":\"2023-03-16T14:02:31+00:00\",\"description\":\"Al carrer Consell de Cent, 101 de Barcelona, un dilluns 12 d\u2019abril de 1954, Beltran obre les seves portes. Al capdavant en Tom\u00e0s Beltran i l\u2019Ernestina Sabat\u00e9. El que comen\u00e7a com un petit comer\u00e7 de venda de llegums i pesca salada es transforma i creix amb el pas del temps.\",\"breadcrumb\":{\"@id\":\"https:\/\/beltranmenjars.cat\/en\/who-we-are\/#breadcrumb\"},\"inLanguage\":\"en-US\",\"potentialAction\":[{\"@type\":\"ReadAction\",\"target\":[\"https:\/\/beltranmenjars.cat\/en\/who-we-are\/\"]}]},{\"@type\":\"BreadcrumbList\",\"@id\":\"https:\/\/beltranmenjars.cat\/en\/who-we-are\/#breadcrumb\",\"itemListElement\":[{\"@type\":\"ListItem\",\"position\":1,\"name\":\"Portada\",\"item\":\"https:\/\/beltranmenjars.cat\/en\/home\/\"},{\"@type\":\"ListItem\",\"position\":2,\"name\":\"Who we are?\"}]},{\"@type\":\"WebSite\",\"@id\":\"https:\/\/beltranmenjars.cat\/#website\",\"url\":\"https:\/\/beltranmenjars.cat\/\",\"name\":\"Beltran Menjars\",\"description\":\"Beltran Menjars\",\"potentialAction\":[{\"@type\":\"SearchAction\",\"target\":{\"@type\":\"EntryPoint\",\"urlTemplate\":\"https:\/\/beltranmenjars.cat\/?s={search_term_string}\"},\"query-input\":\"required name=search_term_string\"}],\"inLanguage\":\"en-US\"}]}<\/script>\n<!-- \/ Yoast SEO plugin. -->","yoast_head_json":{"title":"Beltran Menjars - Qui som?","description":"Al carrer Consell de Cent, 101 de Barcelona, un dilluns 12 d\u2019abril de 1954, Beltran obre les seves portes. Al capdavant en Tom\u00e0s Beltran i l\u2019Ernestina Sabat\u00e9. El que comen\u00e7a com un petit comer\u00e7 de venda de llegums i pesca salada es transforma i creix amb el pas del temps.","robots":{"index":"index","follow":"follow","max-snippet":"max-snippet:-1","max-image-preview":"max-image-preview:large","max-video-preview":"max-video-preview:-1"},"canonical":"https:\/\/beltranmenjars.cat\/en\/who-we-are\/","twitter_misc":{"Est. reading time":"8 minutes"},"schema":{"@context":"https:\/\/schema.org","@graph":[{"@type":"WebPage","@id":"https:\/\/beltranmenjars.cat\/en\/who-we-are\/","url":"https:\/\/beltranmenjars.cat\/en\/who-we-are\/","name":"Beltran Menjars - Qui som?","isPartOf":{"@id":"https:\/\/beltranmenjars.cat\/#website"},"datePublished":"2017-04-03T14:39:06+00:00","dateModified":"2023-03-16T14:02:31+00:00","description":"Al carrer Consell de Cent, 101 de Barcelona, un dilluns 12 d\u2019abril de 1954, Beltran obre les seves portes. Al capdavant en Tom\u00e0s Beltran i l\u2019Ernestina Sabat\u00e9. El que comen\u00e7a com un petit comer\u00e7 de venda de llegums i pesca salada es transforma i creix amb el pas del temps.","breadcrumb":{"@id":"https:\/\/beltranmenjars.cat\/en\/who-we-are\/#breadcrumb"},"inLanguage":"en-US","potentialAction":[{"@type":"ReadAction","target":["https:\/\/beltranmenjars.cat\/en\/who-we-are\/"]}]},{"@type":"BreadcrumbList","@id":"https:\/\/beltranmenjars.cat\/en\/who-we-are\/#breadcrumb","itemListElement":[{"@type":"ListItem","position":1,"name":"Portada","item":"https:\/\/beltranmenjars.cat\/en\/home\/"},{"@type":"ListItem","position":2,"name":"Who we are?"}]},{"@type":"WebSite","@id":"https:\/\/beltranmenjars.cat\/#website","url":"https:\/\/beltranmenjars.cat\/","name":"Beltran Menjars","description":"Beltran Menjars","potentialAction":[{"@type":"SearchAction","target":{"@type":"EntryPoint","urlTemplate":"https:\/\/beltranmenjars.cat\/?s={search_term_string}"},"query-input":"required name=search_term_string"}],"inLanguage":"en-US"}]}},"_links":{"self":[{"href":"https:\/\/beltranmenjars.cat\/en\/wp-json\/wp\/v2\/pages\/2270"}],"collection":[{"href":"https:\/\/beltranmenjars.cat\/en\/wp-json\/wp\/v2\/pages"}],"about":[{"href":"https:\/\/beltranmenjars.cat\/en\/wp-json\/wp\/v2\/types\/page"}],"author":[{"embeddable":true,"href":"https:\/\/beltranmenjars.cat\/en\/wp-json\/wp\/v2\/users\/1"}],"replies":[{"embeddable":true,"href":"https:\/\/beltranmenjars.cat\/en\/wp-json\/wp\/v2\/comments?post=2270"}],"version-history":[{"count":9,"href":"https:\/\/beltranmenjars.cat\/en\/wp-json\/wp\/v2\/pages\/2270\/revisions"}],"predecessor-version":[{"id":8186,"href":"https:\/\/beltranmenjars.cat\/en\/wp-json\/wp\/v2\/pages\/2270\/revisions\/8186"}],"wp:attachment":[{"href":"https:\/\/beltranmenjars.cat\/en\/wp-json\/wp\/v2\/media?parent=2270"}],"curies":[{"name":"wp","href":"https:\/\/api.w.org\/{rel}","templated":true}]}}